{"id":2619,"date":"2014-09-07T18:09:34","date_gmt":"2014-09-07T18:09:34","guid":{"rendered":"http:\/\/www.mariovitoria.com\/wp-content\/uploads\/2014\/09\/Apocalipse-e-o-Rapto-da-Europa-no-Pa\u00e7o-dos-Duques-de-Bragan\u00e7a.jpg"},"modified":"2014-09-07T18:09:34","modified_gmt":"2014-09-07T18:09:34","slug":"apocalipse-e-o-rapto-da-europa-no-paco-dos-duques-de-braganca","status":"inherit","type":"attachment","link":"https:\/\/www.mariovitoria.com\/en\/participacoes-especiais\/apocalipse-e-o-rapto-da-europa-paco-dos-duques-de-braganca-2\/attachment\/apocalipse-e-o-rapto-da-europa-no-paco-dos-duques-de-braganca\/","title":{"rendered":"Apocalipse-e-o-Rapto-da-Europa-no-Pa\u00e7o-dos-Duques-de-Bragan\u00e7a"},"author":2,"featured_media":0,"comment_status":"open","ping_status":"open","template":"","meta":{"_acf_changed":false},"class_list":["post-2619","attachment","type-attachment","status-inherit","hentry"],"acf":[],"yoast_head":"<!-- This site is optimized with the Yoast SEO plugin v20.3 - https:\/\/yoast.com\/wordpress\/plugins\/seo\/ -->\n<title>M\u00e1rio Vit\u00f3ria - Apocalipse-e-o-Rapto-da-Europa-no-Pa\u00e7o-dos-Duques-de-Bragan\u00e7a<\/title>\n<meta name=\"robots\" content=\"index, follow, max-snippet:-1, max-image-preview:large, max-video-preview:-1\" \/>\n<link rel=\"canonical\" href=\"https:\/\/www.mariovitoria.com\/wp-content\/uploads\/2014\/09\/Apocalipse-e-o-Rapto-da-Europa-no-Pa\u00e7o-dos-Duques-de-Bragan\u00e7a.jpg\" \/>\n<meta property=\"og:locale\" content=\"en_US\" \/>\n<meta property=\"og:type\" content=\"article\" \/>\n<meta property=\"og:title\" content=\"M\u00e1rio Vit\u00f3ria - Apocalipse-e-o-Rapto-da-Europa-no-Pa\u00e7o-dos-Duques-de-Bragan\u00e7a\" \/>\n<meta property=\"og:url\" content=\"https:\/\/www.mariovitoria.com\/wp-content\/uploads\/2014\/09\/Apocalipse-e-o-Rapto-da-Europa-no-Pa\u00e7o-dos-Duques-de-Bragan\u00e7a.jpg\" \/>\n<meta property=\"og:site_name\" content=\"M\u00e1rio Vit\u00f3ria\" \/>\n<meta property=\"og:image\" content=\"https:\/\/www.mariovitoria.com\/wp-content\/uploads\/2014\/09\/Apocalipse-e-o-Rapto-da-Europa-no-Pa\u00e7o-dos-Duques-de-Bragan\u00e7a.jpg\" \/>\n\t<meta property=\"og:image:width\" content=\"1500\" \/>\n\t<meta property=\"og:image:height\" content=\"1125\" \/>\n\t<meta property=\"og:image:type\" content=\"image\/jpeg\" \/>\n<meta name=\"twitter:card\" content=\"summary_large_image\" \/>\n<script type=\"application\/ld+json\" class=\"yoast-schema-graph\">{\"@context\":\"https:\/\/schema.org\",\"@graph\":[{\"@type\":\"WebPage\",\"@id\":\"https:\/\/www.mariovitoria.com\/wp-content\/uploads\/2014\/09\/Apocalipse-e-o-Rapto-da-Europa-no-Pa\u00e7o-dos-Duques-de-Bragan\u00e7a.jpg\",\"url\":\"https:\/\/www.mariovitoria.com\/wp-content\/uploads\/2014\/09\/Apocalipse-e-o-Rapto-da-Europa-no-Pa\u00e7o-dos-Duques-de-Bragan\u00e7a.jpg\",\"name\":\"M\u00e1rio Vit\u00f3ria - Apocalipse-e-o-Rapto-da-Europa-no-Pa\u00e7o-dos-Duques-de-Bragan\u00e7a\",\"isPartOf\":{\"@id\":\"https:\/\/www.mariovitoria.com\/#website\"},\"datePublished\":\"2014-09-07T18:09:34+00:00\",\"dateModified\":\"2014-09-07T18:09:34+00:00\",\"breadcrumb\":{\"@id\":\"https:\/\/www.mariovitoria.com\/wp-content\/uploads\/2014\/09\/Apocalipse-e-o-Rapto-da-Europa-no-Pa\u00e7o-dos-Duques-de-Bragan\u00e7a.jpg#breadcrumb\"},\"inLanguage\":\"en-US\",\"potentialAction\":[{\"@type\":\"ReadAction\",\"target\":[\"https:\/\/www.mariovitoria.com\/wp-content\/uploads\/2014\/09\/Apocalipse-e-o-Rapto-da-Europa-no-Pa\u00e7o-dos-Duques-de-Bragan\u00e7a.jpg\"]}]},{\"@type\":\"BreadcrumbList\",\"@id\":\"https:\/\/www.mariovitoria.com\/wp-content\/uploads\/2014\/09\/Apocalipse-e-o-Rapto-da-Europa-no-Pa\u00e7o-dos-Duques-de-Bragan\u00e7a.jpg#breadcrumb\",\"itemListElement\":[{\"@type\":\"ListItem\",\"position\":1,\"name\":\"Home\",\"item\":\"https:\/\/www.mariovitoria.com\/\"},{\"@type\":\"ListItem\",\"position\":2,\"name\":\"Apocalypse and the rape of Europe \u2013 Pa\u00e7o dos Duques de Bragan\u00e7a\",\"item\":\"https:\/\/www.mariovitoria.com\/en\/participacoes-especiais\/apocalipse-e-o-rapto-da-europa-paco-dos-duques-de-braganca-2\/\"},{\"@type\":\"ListItem\",\"position\":3,\"name\":\"Apocalipse-e-o-Rapto-da-Europa-no-Pa\u00e7o-dos-Duques-de-Bragan\u00e7a\"}]},{\"@type\":\"WebSite\",\"@id\":\"https:\/\/www.mariovitoria.com\/#website\",\"url\":\"https:\/\/www.mariovitoria.com\/\",\"name\":\"M\u00e1rio Vit\u00f3ria\",\"description\":\"Artista Pl\u00e1stico\",\"publisher\":{\"@id\":\"https:\/\/www.mariovitoria.com\/#\/schema\/person\/c6a74ef60d3e174cc1af41fabf008e87\"},\"potentialAction\":[{\"@type\":\"SearchAction\",\"target\":{\"@type\":\"EntryPoint\",\"urlTemplate\":\"https:\/\/www.mariovitoria.com\/?s={search_term_string}\"},\"query-input\":\"required name=search_term_string\"}],\"inLanguage\":\"en-US\"},{\"@type\":[\"Person\",\"Organization\"],\"@id\":\"https:\/\/www.mariovitoria.com\/#\/schema\/person\/c6a74ef60d3e174cc1af41fabf008e87\",\"name\":\"vitoria\",\"image\":{\"@type\":\"ImageObject\",\"inLanguage\":\"en-US\",\"@id\":\"https:\/\/www.mariovitoria.com\/#\/schema\/person\/image\/\",\"url\":\"https:\/\/www.mariovitoria.com\/wp-content\/uploads\/2014\/09\/Apocalipse-e-o-Rapto-da-Europa-no-Pa\u00e7o-dos-Duques-de-Bragan\u00e7a.jpg\",\"contentUrl\":\"https:\/\/www.mariovitoria.com\/wp-content\/uploads\/2014\/09\/Apocalipse-e-o-Rapto-da-Europa-no-Pa\u00e7o-dos-Duques-de-Bragan\u00e7a.jpg\",\"width\":1500,\"height\":1125,\"caption\":\"vitoria\"},\"logo\":{\"@id\":\"https:\/\/www.mariovitoria.com\/#\/schema\/person\/image\/\"}}]}<\/script>\n<!-- \/ Yoast SEO plugin. -->","yoast_head_json":{"title":"M\u00e1rio Vit\u00f3ria - Apocalipse-e-o-Rapto-da-Europa-no-Pa\u00e7o-dos-Duques-de-Bragan\u00e7a","robots":{"index":"index","follow":"follow","max-snippet":"max-snippet:-1","max-image-preview":"max-image-preview:large","max-video-preview":"max-video-preview:-1"},"canonical":"https:\/\/www.mariovitoria.com\/wp-content\/uploads\/2014\/09\/Apocalipse-e-o-Rapto-da-Europa-no-Pa\u00e7o-dos-Duques-de-Bragan\u00e7a.jpg","og_locale":"en_US","og_type":"article","og_title":"M\u00e1rio Vit\u00f3ria - Apocalipse-e-o-Rapto-da-Europa-no-Pa\u00e7o-dos-Duques-de-Bragan\u00e7a","og_url":"https:\/\/www.mariovitoria.com\/wp-content\/uploads\/2014\/09\/Apocalipse-e-o-Rapto-da-Europa-no-Pa\u00e7o-dos-Duques-de-Bragan\u00e7a.jpg","og_site_name":"M\u00e1rio Vit\u00f3ria","og_image":[{"width":1500,"height":1125,"url":"https:\/\/www.mariovitoria.com\/wp-content\/uploads\/2014\/09\/Apocalipse-e-o-Rapto-da-Europa-no-Pa\u00e7o-dos-Duques-de-Bragan\u00e7a.jpg","type":"image\/jpeg"}],"twitter_card":"summary_large_image","schema":{"@context":"https:\/\/schema.org","@graph":[{"@type":"WebPage","@id":"https:\/\/www.mariovitoria.com\/wp-content\/uploads\/2014\/09\/Apocalipse-e-o-Rapto-da-Europa-no-Pa\u00e7o-dos-Duques-de-Bragan\u00e7a.jpg","url":"https:\/\/www.mariovitoria.com\/wp-content\/uploads\/2014\/09\/Apocalipse-e-o-Rapto-da-Europa-no-Pa\u00e7o-dos-Duques-de-Bragan\u00e7a.jpg","name":"M\u00e1rio Vit\u00f3ria - Apocalipse-e-o-Rapto-da-Europa-no-Pa\u00e7o-dos-Duques-de-Bragan\u00e7a","isPartOf":{"@id":"https:\/\/www.mariovitoria.com\/#website"},"datePublished":"2014-09-07T18:09:34+00:00","dateModified":"2014-09-07T18:09:34+00:00","breadcrumb":{"@id":"https:\/\/www.mariovitoria.com\/wp-content\/uploads\/2014\/09\/Apocalipse-e-o-Rapto-da-Europa-no-Pa\u00e7o-dos-Duques-de-Bragan\u00e7a.jpg#breadcrumb"},"inLanguage":"en-US","potentialAction":[{"@type":"ReadAction","target":["https:\/\/www.mariovitoria.com\/wp-content\/uploads\/2014\/09\/Apocalipse-e-o-Rapto-da-Europa-no-Pa\u00e7o-dos-Duques-de-Bragan\u00e7a.jpg"]}]},{"@type":"BreadcrumbList","@id":"https:\/\/www.mariovitoria.com\/wp-content\/uploads\/2014\/09\/Apocalipse-e-o-Rapto-da-Europa-no-Pa\u00e7o-dos-Duques-de-Bragan\u00e7a.jpg#breadcrumb","itemListElement":[{"@type":"ListItem","position":1,"name":"Home","item":"https:\/\/www.mariovitoria.com\/"},{"@type":"ListItem","position":2,"name":"Apocalypse and the rape of Europe \u2013 Pa\u00e7o dos Duques de Bragan\u00e7a","item":"https:\/\/www.mariovitoria.com\/en\/participacoes-especiais\/apocalipse-e-o-rapto-da-europa-paco-dos-duques-de-braganca-2\/"},{"@type":"ListItem","position":3,"name":"Apocalipse-e-o-Rapto-da-Europa-no-Pa\u00e7o-dos-Duques-de-Bragan\u00e7a"}]},{"@type":"WebSite","@id":"https:\/\/www.mariovitoria.com\/#website","url":"https:\/\/www.mariovitoria.com\/","name":"M\u00e1rio Vit\u00f3ria","description":"Artista Pl\u00e1stico","publisher":{"@id":"https:\/\/www.mariovitoria.com\/#\/schema\/person\/c6a74ef60d3e174cc1af41fabf008e87"},"potentialAction":[{"@type":"SearchAction","target":{"@type":"EntryPoint","urlTemplate":"https:\/\/www.mariovitoria.com\/?s={search_term_string}"},"query-input":"required name=search_term_string"}],"inLanguage":"en-US"},{"@type":["Person","Organization"],"@id":"https:\/\/www.mariovitoria.com\/#\/schema\/person\/c6a74ef60d3e174cc1af41fabf008e87","name":"vitoria","image":{"@type":"ImageObject","inLanguage":"en-US","@id":"https:\/\/www.mariovitoria.com\/#\/schema\/person\/image\/","url":"https:\/\/www.mariovitoria.com\/wp-content\/uploads\/2014\/09\/Apocalipse-e-o-Rapto-da-Europa-no-Pa\u00e7o-dos-Duques-de-Bragan\u00e7a.jpg","contentUrl":"https:\/\/www.mariovitoria.com\/wp-content\/uploads\/2014\/09\/Apocalipse-e-o-Rapto-da-Europa-no-Pa\u00e7o-dos-Duques-de-Bragan\u00e7a.jpg","width":1500,"height":1125,"caption":"vitoria"},"logo":{"@id":"https:\/\/www.mariovitoria.com\/#\/schema\/person\/image\/"}}]}},"description":{"rendered":"<p class=\"attachment\"><a href='https:\/\/www.mariovitoria.com\/wp-content\/uploads\/2014\/09\/Apocalipse-e-o-Rapto-da-Europa-no-Pa\u00e7o-dos-Duques-de-Bragan\u00e7a.jpg'><img loading=\"lazy\" decoding=\"async\" width=\"300\" height=\"225\" src=\"https:\/\/www.mariovitoria.com\/wp-content\/uploads\/2014\/09\/Apocalipse-e-o-Rapto-da-Europa-no-Pa\u00e7o-dos-Duques-de-Bragan\u00e7a-300x225.jpg\" class=\"attachment-medium size-medium\" alt=\"\" srcset=\"https:\/\/www.mariovitoria.com\/wp-content\/uploads\/2014\/09\/Apocalipse-e-o-Rapto-da-Europa-no-Pa\u00e7o-dos-Duques-de-Bragan\u00e7a-300x225.jpg 300w, https:\/\/www.mariovitoria.com\/wp-content\/uploads\/2014\/09\/Apocalipse-e-o-Rapto-da-Europa-no-Pa\u00e7o-dos-Duques-de-Bragan\u00e7a-600x450.jpg 600w, https:\/\/www.mariovitoria.com\/wp-content\/uploads\/2014\/09\/Apocalipse-e-o-Rapto-da-Europa-no-Pa\u00e7o-dos-Duques-de-Bragan\u00e7a-1067x800.jpg 1067w, https:\/\/www.mariovitoria.com\/wp-content\/uploads\/2014\/09\/Apocalipse-e-o-Rapto-da-Europa-no-Pa\u00e7o-dos-Duques-de-Bragan\u00e7a-1000x750.jpg 1000w, https:\/\/www.mariovitoria.com\/wp-content\/uploads\/2014\/09\/Apocalipse-e-o-Rapto-da-Europa-no-Pa\u00e7o-dos-Duques-de-Bragan\u00e7a-350x263.jpg 350w, https:\/\/www.mariovitoria.com\/wp-content\/uploads\/2014\/09\/Apocalipse-e-o-Rapto-da-Europa-no-Pa\u00e7o-dos-Duques-de-Bragan\u00e7a.jpg 1500w\" sizes=\"(max-width: 300px) 100vw, 300px\" \/><\/a><\/p>\n"},"caption":{"rendered":""},"alt_text":"","media_type":"image","mime_type":"image\/jpeg","media_details":{"width":1500,"height":1125,"file":"2014\/09\/Apocalipse-e-o-Rapto-da-Europa-no-Pa\u00e7o-dos-Duques-de-Bragan\u00e7a.jpg","sizes":{"thumbnail":{"file":"Apocalipse-e-o-Rapto-da-Europa-no-Pa\u00e7o-dos-Duques-de-Bragan\u00e7a-150x150.jpg","width":150,"height":150,"mime_type":"image\/jpeg","source_url":"https:\/\/www.mariovitoria.com\/wp-content\/uploads\/2014\/09\/Apocalipse-e-o-Rapto-da-Europa-no-Pa\u00e7o-dos-Duques-de-Bragan\u00e7a-150x150.jpg"},"medium":{"file":"Apocalipse-e-o-Rapto-da-Europa-no-Pa\u00e7o-dos-Duques-de-Bragan\u00e7a-300x225.jpg","width":300,"height":225,"mime_type":"image\/jpeg","source_url":"https:\/\/www.mariovitoria.com\/wp-content\/uploads\/2014\/09\/Apocalipse-e-o-Rapto-da-Europa-no-Pa\u00e7o-dos-Duques-de-Bragan\u00e7a-300x225.jpg"},"large":{"file":"Apocalipse-e-o-Rapto-da-Europa-no-Pa\u00e7o-dos-Duques-de-Bragan\u00e7a-600x450.jpg","width":600,"height":450,"mime_type":"image\/jpeg","source_url":"https:\/\/www.mariovitoria.com\/wp-content\/uploads\/2014\/09\/Apocalipse-e-o-Rapto-da-Europa-no-Pa\u00e7o-dos-Duques-de-Bragan\u00e7a-600x450.jpg"},"post-thumbnail":{"file":"Apocalipse-e-o-Rapto-da-Europa-no-Pa\u00e7o-dos-Duques-de-Bragan\u00e7a-258x258.jpg","width":258,"height":258,"mime_type":"image\/jpeg","source_url":"https:\/\/www.mariovitoria.com\/wp-content\/uploads\/2014\/09\/Apocalipse-e-o-Rapto-da-Europa-no-Pa\u00e7o-dos-Duques-de-Bragan\u00e7a-258x258.jpg"},"home":{"file":"Apocalipse-e-o-Rapto-da-Europa-no-Pa\u00e7o-dos-Duques-de-Bragan\u00e7a-1067x800.jpg","width":1067,"height":800,"mime_type":"image\/jpeg","source_url":"https:\/\/www.mariovitoria.com\/wp-content\/uploads\/2014\/09\/Apocalipse-e-o-Rapto-da-Europa-no-Pa\u00e7o-dos-Duques-de-Bragan\u00e7a-1067x800.jpg"},"feature":{"file":"Apocalipse-e-o-Rapto-da-Europa-no-Pa\u00e7o-dos-Duques-de-Bragan\u00e7a-1000x750.jpg","width":1000,"height":750,"mime_type":"image\/jpeg","source_url":"https:\/\/www.mariovitoria.com\/wp-content\/uploads\/2014\/09\/Apocalipse-e-o-Rapto-da-Europa-no-Pa\u00e7o-dos-Duques-de-Bragan\u00e7a-1000x750.jpg"},"archive-feature":{"file":"Apocalipse-e-o-Rapto-da-Europa-no-Pa\u00e7o-dos-Duques-de-Bragan\u00e7a-250x700.jpg","width":250,"height":700,"mime_type":"image\/jpeg","source_url":"https:\/\/www.mariovitoria.com\/wp-content\/uploads\/2014\/09\/Apocalipse-e-o-Rapto-da-Europa-no-Pa\u00e7o-dos-Duques-de-Bragan\u00e7a-250x700.jpg"},"category-feature":{"file":"Apocalipse-e-o-Rapto-da-Europa-no-Pa\u00e7o-dos-Duques-de-Bragan\u00e7a-250x150.jpg","width":250,"height":150,"mime_type":"image\/jpeg","source_url":"https:\/\/www.mariovitoria.com\/wp-content\/uploads\/2014\/09\/Apocalipse-e-o-Rapto-da-Europa-no-Pa\u00e7o-dos-Duques-de-Bragan\u00e7a-250x150.jpg"},"list":{"file":"Apocalipse-e-o-Rapto-da-Europa-no-Pa\u00e7o-dos-Duques-de-Bragan\u00e7a-40x40.jpg","width":40,"height":40,"mime_type":"image\/jpeg","source_url":"https:\/\/www.mariovitoria.com\/wp-content\/uploads\/2014\/09\/Apocalipse-e-o-Rapto-da-Europa-no-Pa\u00e7o-dos-Duques-de-Bragan\u00e7a-40x40.jpg"},"curriculum":{"file":"Apocalipse-e-o-Rapto-da-Europa-no-Pa\u00e7o-dos-Duques-de-Bragan\u00e7a-350x263.jpg","width":350,"height":263,"mime_type":"image\/jpeg","source_url":"https:\/\/www.mariovitoria.com\/wp-content\/uploads\/2014\/09\/Apocalipse-e-o-Rapto-da-Europa-no-Pa\u00e7o-dos-Duques-de-Bragan\u00e7a-350x263.jpg"},"full":{"file":"Apocalipse-e-o-Rapto-da-Europa-no-Pa\u00e7o-dos-Duques-de-Bragan\u00e7a.jpg","width":1500,"height":1125,"mime_type":"image\/jpeg","source_url":"https:\/\/www.mariovitoria.com\/wp-content\/uploads\/2014\/09\/Apocalipse-e-o-Rapto-da-Europa-no-Pa\u00e7o-dos-Duques-de-Bragan\u00e7a.jpg"}},"image_meta":{"aperture":0,"credit":"","camera":"","caption":"","created_timestamp":0,"copyright":"","focal_length":0,"iso":0,"shutter_speed":0,"title":"","orientation":0}},"post":2618,"source_url":"https:\/\/www.mariovitoria.com\/wp-content\/uploads\/2014\/09\/Apocalipse-e-o-Rapto-da-Europa-no-Pa\u00e7o-dos-Duques-de-Bragan\u00e7a.jpg","_links":{"self":[{"href":"https:\/\/www.mariovitoria.com\/en\/wp-json\/wp\/v2\/media\/2619"}],"collection":[{"href":"https:\/\/www.mariovitoria.com\/en\/wp-json\/wp\/v2\/media"}],"about":[{"href":"https:\/\/www.mariovitoria.com\/en\/wp-json\/wp\/v2\/types\/attachment"}],"author":[{"embeddable":true,"href":"https:\/\/www.mariovitoria.com\/en\/wp-json\/wp\/v2\/users\/2"}],"replies":[{"embeddable":true,"href":"https:\/\/www.mariovitoria.com\/en\/wp-json\/wp\/v2\/comments?post=2619"}]}}