{"id":1421,"date":"2012-04-19T15:39:14","date_gmt":"2012-04-19T15:39:14","guid":{"rendered":"http:\/\/www.mariovitoria.com\/wp-content\/uploads\/2012\/04\/A-solha-Portuguesa-acr\u00edlico-sobre-tela-150x150cm-2011-1.jpg"},"modified":"2012-04-19T15:39:14","modified_gmt":"2012-04-19T15:39:14","slug":"a-solha-portuguesa-acrilico-sobre-tela-150x150cm-2011-1","status":"inherit","type":"attachment","link":"https:\/\/www.mariovitoria.com\/en\/cosmo\/solha-portuguesa\/attachment\/a-solha-portuguesa-acrilico-sobre-tela-150x150cm-2011-1\/","title":{"rendered":"A solha Portuguesa, acr\u00edlico sobre tela, 150x150cm, 2011 (1)"},"author":2,"featured_media":0,"comment_status":"open","ping_status":"open","template":"","meta":{"_acf_changed":false},"class_list":["post-1421","attachment","type-attachment","status-inherit","hentry"],"acf":[],"yoast_head":"<!-- This site is optimized with the Yoast SEO plugin v20.3 - https:\/\/yoast.com\/wordpress\/plugins\/seo\/ -->\n<title>M\u00e1rio Vit\u00f3ria - A solha Portuguesa, acr\u00edlico sobre tela, 150x150cm, 2011 (1)<\/title>\n<meta name=\"robots\" content=\"index, follow, max-snippet:-1, max-image-preview:large, max-video-preview:-1\" \/>\n<link rel=\"canonical\" href=\"https:\/\/www.mariovitoria.com\/wp-content\/uploads\/2012\/04\/A-solha-Portuguesa-acr\u00edlico-sobre-tela-150x150cm-2011-1.jpg\" \/>\n<meta property=\"og:locale\" content=\"en_US\" \/>\n<meta property=\"og:type\" content=\"article\" \/>\n<meta property=\"og:title\" content=\"M\u00e1rio Vit\u00f3ria - A solha Portuguesa, acr\u00edlico sobre tela, 150x150cm, 2011 (1)\" \/>\n<meta property=\"og:url\" content=\"https:\/\/www.mariovitoria.com\/wp-content\/uploads\/2012\/04\/A-solha-Portuguesa-acr\u00edlico-sobre-tela-150x150cm-2011-1.jpg\" \/>\n<meta property=\"og:site_name\" content=\"M\u00e1rio Vit\u00f3ria\" \/>\n<meta property=\"og:image\" content=\"https:\/\/www.mariovitoria.com\/wp-content\/uploads\/2012\/04\/A-solha-Portuguesa-acr\u00edlico-sobre-tela-150x150cm-2011-1.jpg\" \/>\n\t<meta property=\"og:image:width\" content=\"700\" \/>\n\t<meta property=\"og:image:height\" content=\"707\" \/>\n\t<meta property=\"og:image:type\" content=\"image\/jpeg\" \/>\n<meta name=\"twitter:card\" content=\"summary_large_image\" \/>\n<script type=\"application\/ld+json\" class=\"yoast-schema-graph\">{\"@context\":\"https:\/\/schema.org\",\"@graph\":[{\"@type\":\"WebPage\",\"@id\":\"https:\/\/www.mariovitoria.com\/wp-content\/uploads\/2012\/04\/A-solha-Portuguesa-acr\u00edlico-sobre-tela-150x150cm-2011-1.jpg\",\"url\":\"https:\/\/www.mariovitoria.com\/wp-content\/uploads\/2012\/04\/A-solha-Portuguesa-acr\u00edlico-sobre-tela-150x150cm-2011-1.jpg\",\"name\":\"M\u00e1rio Vit\u00f3ria - A solha Portuguesa, acr\u00edlico sobre tela, 150x150cm, 2011 (1)\",\"isPartOf\":{\"@id\":\"https:\/\/www.mariovitoria.com\/#website\"},\"datePublished\":\"2012-04-19T15:39:14+00:00\",\"dateModified\":\"2012-04-19T15:39:14+00:00\",\"breadcrumb\":{\"@id\":\"https:\/\/www.mariovitoria.com\/wp-content\/uploads\/2012\/04\/A-solha-Portuguesa-acr\u00edlico-sobre-tela-150x150cm-2011-1.jpg#breadcrumb\"},\"inLanguage\":\"en-US\",\"potentialAction\":[{\"@type\":\"ReadAction\",\"target\":[\"https:\/\/www.mariovitoria.com\/wp-content\/uploads\/2012\/04\/A-solha-Portuguesa-acr\u00edlico-sobre-tela-150x150cm-2011-1.jpg\"]}]},{\"@type\":\"BreadcrumbList\",\"@id\":\"https:\/\/www.mariovitoria.com\/wp-content\/uploads\/2012\/04\/A-solha-Portuguesa-acr\u00edlico-sobre-tela-150x150cm-2011-1.jpg#breadcrumb\",\"itemListElement\":[{\"@type\":\"ListItem\",\"position\":1,\"name\":\"Home\",\"item\":\"https:\/\/www.mariovitoria.com\/\"},{\"@type\":\"ListItem\",\"position\":2,\"name\":\"Solha Portuguesa\",\"item\":\"https:\/\/www.mariovitoria.com\/cosmo\/solha-portuguesa\/\"},{\"@type\":\"ListItem\",\"position\":3,\"name\":\"A solha Portuguesa, acr\u00edlico sobre tela, 150x150cm, 2011 (1)\"}]},{\"@type\":\"WebSite\",\"@id\":\"https:\/\/www.mariovitoria.com\/#website\",\"url\":\"https:\/\/www.mariovitoria.com\/\",\"name\":\"M\u00e1rio Vit\u00f3ria\",\"description\":\"Artista Pl\u00e1stico\",\"publisher\":{\"@id\":\"https:\/\/www.mariovitoria.com\/#\/schema\/person\/c6a74ef60d3e174cc1af41fabf008e87\"},\"potentialAction\":[{\"@type\":\"SearchAction\",\"target\":{\"@type\":\"EntryPoint\",\"urlTemplate\":\"https:\/\/www.mariovitoria.com\/?s={search_term_string}\"},\"query-input\":\"required name=search_term_string\"}],\"inLanguage\":\"en-US\"},{\"@type\":[\"Person\",\"Organization\"],\"@id\":\"https:\/\/www.mariovitoria.com\/#\/schema\/person\/c6a74ef60d3e174cc1af41fabf008e87\",\"name\":\"vitoria\",\"image\":{\"@type\":\"ImageObject\",\"inLanguage\":\"en-US\",\"@id\":\"https:\/\/www.mariovitoria.com\/#\/schema\/person\/image\/\",\"url\":\"https:\/\/www.mariovitoria.com\/wp-content\/uploads\/2012\/04\/A-solha-Portuguesa-acr\u00edlico-sobre-tela-150x150cm-2011-1.jpg\",\"contentUrl\":\"https:\/\/www.mariovitoria.com\/wp-content\/uploads\/2012\/04\/A-solha-Portuguesa-acr\u00edlico-sobre-tela-150x150cm-2011-1.jpg\",\"width\":700,\"height\":707,\"caption\":\"vitoria\"},\"logo\":{\"@id\":\"https:\/\/www.mariovitoria.com\/#\/schema\/person\/image\/\"}}]}<\/script>\n<!-- \/ Yoast SEO plugin. -->","yoast_head_json":{"title":"M\u00e1rio Vit\u00f3ria - A solha Portuguesa, acr\u00edlico sobre tela, 150x150cm, 2011 (1)","robots":{"index":"index","follow":"follow","max-snippet":"max-snippet:-1","max-image-preview":"max-image-preview:large","max-video-preview":"max-video-preview:-1"},"canonical":"https:\/\/www.mariovitoria.com\/wp-content\/uploads\/2012\/04\/A-solha-Portuguesa-acr\u00edlico-sobre-tela-150x150cm-2011-1.jpg","og_locale":"en_US","og_type":"article","og_title":"M\u00e1rio Vit\u00f3ria - A solha Portuguesa, acr\u00edlico sobre tela, 150x150cm, 2011 (1)","og_url":"https:\/\/www.mariovitoria.com\/wp-content\/uploads\/2012\/04\/A-solha-Portuguesa-acr\u00edlico-sobre-tela-150x150cm-2011-1.jpg","og_site_name":"M\u00e1rio Vit\u00f3ria","og_image":[{"width":700,"height":707,"url":"https:\/\/www.mariovitoria.com\/wp-content\/uploads\/2012\/04\/A-solha-Portuguesa-acr\u00edlico-sobre-tela-150x150cm-2011-1.jpg","type":"image\/jpeg"}],"twitter_card":"summary_large_image","schema":{"@context":"https:\/\/schema.org","@graph":[{"@type":"WebPage","@id":"https:\/\/www.mariovitoria.com\/wp-content\/uploads\/2012\/04\/A-solha-Portuguesa-acr\u00edlico-sobre-tela-150x150cm-2011-1.jpg","url":"https:\/\/www.mariovitoria.com\/wp-content\/uploads\/2012\/04\/A-solha-Portuguesa-acr\u00edlico-sobre-tela-150x150cm-2011-1.jpg","name":"M\u00e1rio Vit\u00f3ria - A solha Portuguesa, acr\u00edlico sobre tela, 150x150cm, 2011 (1)","isPartOf":{"@id":"https:\/\/www.mariovitoria.com\/#website"},"datePublished":"2012-04-19T15:39:14+00:00","dateModified":"2012-04-19T15:39:14+00:00","breadcrumb":{"@id":"https:\/\/www.mariovitoria.com\/wp-content\/uploads\/2012\/04\/A-solha-Portuguesa-acr\u00edlico-sobre-tela-150x150cm-2011-1.jpg#breadcrumb"},"inLanguage":"en-US","potentialAction":[{"@type":"ReadAction","target":["https:\/\/www.mariovitoria.com\/wp-content\/uploads\/2012\/04\/A-solha-Portuguesa-acr\u00edlico-sobre-tela-150x150cm-2011-1.jpg"]}]},{"@type":"BreadcrumbList","@id":"https:\/\/www.mariovitoria.com\/wp-content\/uploads\/2012\/04\/A-solha-Portuguesa-acr\u00edlico-sobre-tela-150x150cm-2011-1.jpg#breadcrumb","itemListElement":[{"@type":"ListItem","position":1,"name":"Home","item":"https:\/\/www.mariovitoria.com\/"},{"@type":"ListItem","position":2,"name":"Solha Portuguesa","item":"https:\/\/www.mariovitoria.com\/cosmo\/solha-portuguesa\/"},{"@type":"ListItem","position":3,"name":"A solha Portuguesa, acr\u00edlico sobre tela, 150x150cm, 2011 (1)"}]},{"@type":"WebSite","@id":"https:\/\/www.mariovitoria.com\/#website","url":"https:\/\/www.mariovitoria.com\/","name":"M\u00e1rio Vit\u00f3ria","description":"Artista Pl\u00e1stico","publisher":{"@id":"https:\/\/www.mariovitoria.com\/#\/schema\/person\/c6a74ef60d3e174cc1af41fabf008e87"},"potentialAction":[{"@type":"SearchAction","target":{"@type":"EntryPoint","urlTemplate":"https:\/\/www.mariovitoria.com\/?s={search_term_string}"},"query-input":"required name=search_term_string"}],"inLanguage":"en-US"},{"@type":["Person","Organization"],"@id":"https:\/\/www.mariovitoria.com\/#\/schema\/person\/c6a74ef60d3e174cc1af41fabf008e87","name":"vitoria","image":{"@type":"ImageObject","inLanguage":"en-US","@id":"https:\/\/www.mariovitoria.com\/#\/schema\/person\/image\/","url":"https:\/\/www.mariovitoria.com\/wp-content\/uploads\/2012\/04\/A-solha-Portuguesa-acr\u00edlico-sobre-tela-150x150cm-2011-1.jpg","contentUrl":"https:\/\/www.mariovitoria.com\/wp-content\/uploads\/2012\/04\/A-solha-Portuguesa-acr\u00edlico-sobre-tela-150x150cm-2011-1.jpg","width":700,"height":707,"caption":"vitoria"},"logo":{"@id":"https:\/\/www.mariovitoria.com\/#\/schema\/person\/image\/"}}]}},"description":{"rendered":"<p class=\"attachment\"><a href='https:\/\/www.mariovitoria.com\/wp-content\/uploads\/2012\/04\/A-solha-Portuguesa-acr\u00edlico-sobre-tela-150x150cm-2011-1.jpg'><img loading=\"lazy\" decoding=\"async\" width=\"297\" height=\"300\" src=\"https:\/\/www.mariovitoria.com\/wp-content\/uploads\/2012\/04\/A-solha-Portuguesa-acr\u00edlico-sobre-tela-150x150cm-2011-1-297x300.jpg\" class=\"attachment-medium size-medium\" alt=\"\" srcset=\"https:\/\/www.mariovitoria.com\/wp-content\/uploads\/2012\/04\/A-solha-Portuguesa-acr\u00edlico-sobre-tela-150x150cm-2011-1-297x300.jpg 297w, https:\/\/www.mariovitoria.com\/wp-content\/uploads\/2012\/04\/A-solha-Portuguesa-acr\u00edlico-sobre-tela-150x150cm-2011-1-594x600.jpg 594w, https:\/\/www.mariovitoria.com\/wp-content\/uploads\/2012\/04\/A-solha-Portuguesa-acr\u00edlico-sobre-tela-150x150cm-2011-1-40x40.jpg 40w, https:\/\/www.mariovitoria.com\/wp-content\/uploads\/2012\/04\/A-solha-Portuguesa-acr\u00edlico-sobre-tela-150x150cm-2011-1-350x354.jpg 350w, https:\/\/www.mariovitoria.com\/wp-content\/uploads\/2012\/04\/A-solha-Portuguesa-acr\u00edlico-sobre-tela-150x150cm-2011-1.jpg 700w\" sizes=\"(max-width: 297px) 100vw, 297px\" \/><\/a><\/p>\n"},"caption":{"rendered":""},"alt_text":"","media_type":"image","mime_type":"image\/jpeg","media_details":{"width":700,"height":707,"file":"2012\/04\/A-solha-Portuguesa-acr\u00edlico-sobre-tela-150x150cm-2011-1.jpg","sizes":{"thumbnail":{"file":"A-solha-Portuguesa-acr\u00edlico-sobre-tela-150x150cm-2011-1-150x150.jpg","width":150,"height":150,"mime_type":"image\/jpeg","source_url":"https:\/\/www.mariovitoria.com\/wp-content\/uploads\/2012\/04\/A-solha-Portuguesa-acr\u00edlico-sobre-tela-150x150cm-2011-1-150x150.jpg"},"medium":{"file":"A-solha-Portuguesa-acr\u00edlico-sobre-tela-150x150cm-2011-1-297x300.jpg","width":297,"height":300,"mime_type":"image\/jpeg","source_url":"https:\/\/www.mariovitoria.com\/wp-content\/uploads\/2012\/04\/A-solha-Portuguesa-acr\u00edlico-sobre-tela-150x150cm-2011-1-297x300.jpg"},"large":{"file":"A-solha-Portuguesa-acr\u00edlico-sobre-tela-150x150cm-2011-1-594x600.jpg","width":594,"height":600,"mime_type":"image\/jpeg","source_url":"https:\/\/www.mariovitoria.com\/wp-content\/uploads\/2012\/04\/A-solha-Portuguesa-acr\u00edlico-sobre-tela-150x150cm-2011-1-594x600.jpg"},"post-thumbnail":{"file":"A-solha-Portuguesa-acr\u00edlico-sobre-tela-150x150cm-2011-1-258x258.jpg","width":258,"height":258,"mime_type":"image\/jpeg","source_url":"https:\/\/www.mariovitoria.com\/wp-content\/uploads\/2012\/04\/A-solha-Portuguesa-acr\u00edlico-sobre-tela-150x150cm-2011-1-258x258.jpg"},"archive-feature":{"file":"A-solha-Portuguesa-acr\u00edlico-sobre-tela-150x150cm-2011-1-250x700.jpg","width":250,"height":700,"mime_type":"image\/jpeg","source_url":"https:\/\/www.mariovitoria.com\/wp-content\/uploads\/2012\/04\/A-solha-Portuguesa-acr\u00edlico-sobre-tela-150x150cm-2011-1-250x700.jpg"},"category-feature":{"file":"A-solha-Portuguesa-acr\u00edlico-sobre-tela-150x150cm-2011-1-250x150.jpg","width":250,"height":150,"mime_type":"image\/jpeg","source_url":"https:\/\/www.mariovitoria.com\/wp-content\/uploads\/2012\/04\/A-solha-Portuguesa-acr\u00edlico-sobre-tela-150x150cm-2011-1-250x150.jpg"},"list":{"file":"A-solha-Portuguesa-acr\u00edlico-sobre-tela-150x150cm-2011-1-40x40.jpg","width":40,"height":40,"mime_type":"image\/jpeg","source_url":"https:\/\/www.mariovitoria.com\/wp-content\/uploads\/2012\/04\/A-solha-Portuguesa-acr\u00edlico-sobre-tela-150x150cm-2011-1-40x40.jpg"},"curriculum":{"file":"A-solha-Portuguesa-acr\u00edlico-sobre-tela-150x150cm-2011-1-350x354.jpg","width":350,"height":354,"mime_type":"image\/jpeg","source_url":"https:\/\/www.mariovitoria.com\/wp-content\/uploads\/2012\/04\/A-solha-Portuguesa-acr\u00edlico-sobre-tela-150x150cm-2011-1-350x354.jpg"},"full":{"file":"A-solha-Portuguesa-acr\u00edlico-sobre-tela-150x150cm-2011-1.jpg","width":700,"height":707,"mime_type":"image\/jpeg","source_url":"https:\/\/www.mariovitoria.com\/wp-content\/uploads\/2012\/04\/A-solha-Portuguesa-acr\u00edlico-sobre-tela-150x150cm-2011-1.jpg"}},"image_meta":{"aperture":3.3,"credit":"","camera":"DSC-W150","caption":"","created_timestamp":1320833353,"copyright":"","focal_length":"5","iso":"400","shutter_speed":"0.076923076923077","title":"","orientation":1}},"post":1420,"source_url":"https:\/\/www.mariovitoria.com\/wp-content\/uploads\/2012\/04\/A-solha-Portuguesa-acr\u00edlico-sobre-tela-150x150cm-2011-1.jpg","_links":{"self":[{"href":"https:\/\/www.mariovitoria.com\/en\/wp-json\/wp\/v2\/media\/1421"}],"collection":[{"href":"https:\/\/www.mariovitoria.com\/en\/wp-json\/wp\/v2\/media"}],"about":[{"href":"https:\/\/www.mariovitoria.com\/en\/wp-json\/wp\/v2\/types\/attachment"}],"author":[{"embeddable":true,"href":"https:\/\/www.mariovitoria.com\/en\/wp-json\/wp\/v2\/users\/2"}],"replies":[{"embeddable":true,"href":"https:\/\/www.mariovitoria.com\/en\/wp-json\/wp\/v2\/comments?post=1421"}]}}